{"id":5578,"date":"2021-02-15T00:05:18","date_gmt":"2021-02-14T22:05:18","guid":{"rendered":"https:\/\/gsa.swiss\/armenian-genocide\/"},"modified":"2021-10-23T01:46:13","modified_gmt":"2021-10-22T23:46:13","slug":"armenian-genocide","status":"publish","type":"page","link":"https:\/\/gsa.swiss\/de\/issues\/armenian-genocide\/","title":{"rendered":"Armenischer Genozid"},"content":{"rendered":"<div class=\"wpb-content-wrapper\"><p>[vc_row css_animation=&#8220;&#8220; row_type=&#8220;row&#8220; use_row_as_full_screen_section=&#8220;no&#8220; type=&#8220;grid&#8220; angled_section=&#8220;no&#8220; text_align=&#8220;left&#8220; background_image_as_pattern=&#8220;without_pattern&#8220; bg_type=&#8220;bg_color&#8220; bg_override=&#8220;full&#8220; z_index=&#8220;&#8220; background_image=&#8220;4262&#8243; css=&#8220;.vc_custom_1615856989565{background-image: url(https:\/\/gsa.swiss\/wp-content\/uploads\/2021\/02\/amir-kh-jfiiiaegn74-unsplash.jpg?id=4464) !important;}&#8220;][vc_column][vc_empty_space height=&#8220;120px&#8220;][vc_empty_space height=&#8220;120px&#8220;][\/vc_column][\/vc_row][vc_row css_animation=&#8220;&#8220; row_type=&#8220;row&#8220; use_row_as_full_screen_section=&#8220;no&#8220; type=&#8220;grid&#8220; angled_section=&#8220;no&#8220; text_align=&#8220;left&#8220; background_image_as_pattern=&#8220;without_pattern&#8220; bg_type=&#8220;bg_color&#8220; bg_override=&#8220;full&#8220; z_index=&#8220;&#8220;][vc_column][vc_empty_space][\/vc_column][\/vc_row][vc_row css_animation=&#8220;&#8220; row_type=&#8220;row&#8220; use_row_as_full_screen_section=&#8220;no&#8220; type=&#8220;grid&#8220; angled_section=&#8220;no&#8220; text_align=&#8220;left&#8220; background_image_as_pattern=&#8220;without_pattern&#8220; bg_type=&#8220;bg_color&#8220; bg_override=&#8220;full&#8220; z_index=&#8220;&#8220; anchor=&#8220;profile&#8220;][vc_column][vc_column_text]<\/p>\n<h1 style=\"text-align: center;\"><span style=\"color: #fdb321;\"><strong>Der V\u00f6lkermord an den Armeniern<\/strong><\/span><\/h1>\n<p>[\/vc_column_text][vc_empty_space height=&#8220;18px&#8220;]<div data-id=\"mpc_divider-2869f2b25743691\" class=\"mpc-divider-wrap\"><div class=\"mpc-divider mpc-init mpc-align--center mpc-disable--left \" ><div class=\"mpc-divider__line mpc-side--left\"><span><\/span><\/div><div class=\"mpc-divider__line mpc-side--right\"><span><\/span><\/div><\/div><\/div>[vc_empty_space][vc_column_text]<\/p>\n<h5 style=\"text-align: center;\">Der V\u00f6lkermord an den Armenierinnen und Armeniern wurde von den osmanischen T\u00fcrken w\u00e4hrend des Ersten Weltkriegs begangen. Die heutige T\u00fcrkei setzt ihren besch\u00e4menden Versuch fort, die Geschichte umzuschreiben und die Verantwortung zu leugnen. Die Schweiz hat dieses schreckliche Verbrechen im Jahr 2003 offiziell anerkannt, aber der Kampf um die Anerkennung geht weltweit weiter. Wir wehren uns gegen die t\u00fcrkische Propaganda und fordern die Anerkennung der Wahrheit.<\/h5>\n<p>[\/vc_column_text][\/vc_column][\/vc_row][vc_row css_animation=&#8220;&#8220; row_type=&#8220;row&#8220; use_row_as_full_screen_section=&#8220;no&#8220; type=&#8220;grid&#8220; angled_section=&#8220;no&#8220; text_align=&#8220;left&#8220; background_image_as_pattern=&#8220;without_pattern&#8220; bg_type=&#8220;bg_color&#8220; bg_override=&#8220;full&#8220; z_index=&#8220;&#8220;][vc_column][vc_empty_space height=&#8220;48px&#8220;][\/vc_column][\/vc_row][vc_row css_animation=&#8220;&#8220; row_type=&#8220;row&#8220; use_row_as_full_screen_section=&#8220;no&#8220; type=&#8220;grid&#8220; angled_section=&#8220;no&#8220; text_align=&#8220;left&#8220; background_image_as_pattern=&#8220;without_pattern&#8220; bg_type=&#8220;bg_color&#8220; bg_override=&#8220;full&#8220; z_index=&#8220;&#8220; background_color=&#8220;#ffffff&#8220; css=&#8220;.vc_custom_1609891011282{background-color: #5a455e !important;}&#8220;][vc_column][vc_empty_space][\/vc_column][\/vc_row][vc_row css_animation=&#8220;&#8220; row_type=&#8220;row&#8220; use_row_as_full_screen_section=&#8220;no&#8220; type=&#8220;grid&#8220; angled_section=&#8220;no&#8220; text_align=&#8220;left&#8220; background_image_as_pattern=&#8220;without_pattern&#8220; bg_type=&#8220;bg_color&#8220; bg_override=&#8220;full&#8220; z_index=&#8220;&#8220; background_color=&#8220;#ffffff&#8220; css=&#8220;.vc_custom_1609891021980{background-color: #5a455e !important;}&#8220;][vc_column width=&#8220;1\/3&#8243;][vc_column_text]<\/p>\n<h2><span style=\"color: #cfedf2;\"><strong>Kampf um Anerkennung<\/strong><\/span><\/h2>\n<p>[\/vc_column_text][vc_empty_space height=&#8220;18px&#8220;]<div data-id=\"mpc_divider-3769f2b25743714\" class=\"mpc-divider-wrap\"><div class=\"mpc-divider mpc-init mpc-align--left mpc-disable--left \" ><div class=\"mpc-divider__line mpc-side--left\"><span><\/span><\/div><div class=\"mpc-divider__line mpc-side--right\"><span><\/span><\/div><\/div><\/div>[vc_empty_space][\/vc_column][vc_column width=&#8220;2\/3&#8243;][vc_column_text]<span style=\"color: #ffffff;\">Zwischen 1915 und 1918 wurden etwa anderthalb Millionen Armenierinnen und Armenier Opfer von systematischen Massakern und Deportationen durch das Regime der Jungt\u00fcrken. Basierend auf authentischen und objektiven Fakten qualifizieren Experten diese Ereignisse als V\u00f6lkermord im Sinne der V\u00f6lkermordkonvention der Vereinten Nationen. Es gab einen bewussten, geplanten und systematisch angewandten Willen, alle Armenierinnen und Armenier im Osmanischen Reich auszurotten.<\/span><\/p>\n<p>&nbsp;<\/p>\n<p><span style=\"color: #ffffff;\">Die T\u00fcrkei, die sich einer reichen Vergangenheit r\u00fchmt, lehnt diesen Teil ihres Erbes ab und weigert sich, den V\u00f6lkermord an den Armenierinnen und Armeniern als historische Tatsache anzuerkennen. W\u00e4hrend das Schweizer Gesetz es zu einem Verbrechen machte, den V\u00f6lkermord an den Armenierinnen und Armeniern zu leugnen, entschied der Europ\u00e4ische Gerichtshof f\u00fcr Menschenrechte im Jahr 2015, dass die Verurteilung eines t\u00fcrkischen Politikers durch das Gesetz sein Recht auf Meinungsfreiheit verletzte.<\/span>[\/vc_column_text][\/vc_column][\/vc_row][vc_row css_animation=&#8220;&#8220; row_type=&#8220;row&#8220; use_row_as_full_screen_section=&#8220;no&#8220; type=&#8220;grid&#8220; angled_section=&#8220;no&#8220; text_align=&#8220;left&#8220; background_image_as_pattern=&#8220;without_pattern&#8220; bg_type=&#8220;bg_color&#8220; bg_override=&#8220;full&#8220; z_index=&#8220;&#8220; background_color=&#8220;#ffffff&#8220; css=&#8220;.vc_custom_1609891068589{background-color: #5a455e !important;}&#8220;][vc_column][vc_empty_space][\/vc_column][\/vc_row][vc_row css_animation=&#8220;&#8220; row_type=&#8220;row&#8220; use_row_as_full_screen_section=&#8220;no&#8220; type=&#8220;grid&#8220; angled_section=&#8220;no&#8220; text_align=&#8220;left&#8220; background_image_as_pattern=&#8220;without_pattern&#8220; bg_type=&#8220;bg_color&#8220; bg_override=&#8220;full&#8220; z_index=&#8220;&#8220; background_color=&#8220;#ffffff&#8220; css=&#8220;.vc_custom_1609891119217{background-color: #4ecdc4 !important;}&#8220;][vc_column][vc_empty_space][\/vc_column][\/vc_row][vc_row css_animation=&#8220;&#8220; row_type=&#8220;row&#8220; use_row_as_full_screen_section=&#8220;no&#8220; type=&#8220;grid&#8220; angled_section=&#8220;no&#8220; text_align=&#8220;left&#8220; background_image_as_pattern=&#8220;without_pattern&#8220; bg_type=&#8220;bg_color&#8220; bg_override=&#8220;full&#8220; z_index=&#8220;&#8220; background_color=&#8220;#ffffff&#8220; css=&#8220;.vc_custom_1609891129295{background-color: #4ecdc4 !important;}&#8220;][vc_column width=&#8220;1\/3&#8243;][vc_column_text]<\/p>\n<h2><span style=\"color: #1a535c;\"><strong>Unsere Aktionen<\/strong><\/span><\/h2>\n<p>[\/vc_column_text][vc_empty_space height=&#8220;18px&#8220;]<div data-id=\"mpc_divider-8569f2b2574375e\" class=\"mpc-divider-wrap\"><div class=\"mpc-divider mpc-init mpc-align--left mpc-disable--left \" ><div class=\"mpc-divider__line mpc-side--left\"><span><\/span><\/div><div class=\"mpc-divider__line mpc-side--right\"><span><\/span><\/div><\/div><\/div>[vc_empty_space][\/vc_column][vc_column width=&#8220;2\/3&#8243;][vc_column_text]<span style=\"color: #ffffff;\">Die GSA k\u00e4mpft weiterhin f\u00fcr die Anerkennung des V\u00f6lkermordes an den Armenierinnen und Armeniern in der Schweiz und im Ausland. Wir wehren uns gegen die t\u00fcrkische Propaganda und fordern die Anerkennung der Wahrheit. Die Anerkennung des V\u00f6lkermordes durch den Bundesrat der Schweiz ist wichtiger denn je. Nicht nur f\u00fcr Armenien, sondern auch f\u00fcr andere Volksgruppen wie die Kurden und Assyrer, die noch heute unter der Unterdr\u00fcckung durch die T\u00fcrkei leiden. Wir fordern die Schweiz auf, diese abscheulichen Verbrechen gegen die Menschlichkeit energisch zur\u00fcckzuweisen.<\/span>[\/vc_column_text][\/vc_column][\/vc_row][vc_row css_animation=&#8220;&#8220; row_type=&#8220;row&#8220; use_row_as_full_screen_section=&#8220;no&#8220; type=&#8220;grid&#8220; angled_section=&#8220;no&#8220; text_align=&#8220;left&#8220; background_image_as_pattern=&#8220;without_pattern&#8220; bg_type=&#8220;bg_color&#8220; bg_override=&#8220;full&#8220; z_index=&#8220;&#8220; background_color=&#8220;#ffffff&#8220; css=&#8220;.vc_custom_1609891139601{background-color: #4ecdc4 !important;}&#8220;][vc_column][vc_empty_space height=&#8220;48px&#8220;][\/vc_column][\/vc_row][vc_row css_animation=&#8220;&#8220; row_type=&#8220;row&#8220; use_row_as_full_screen_section=&#8220;no&#8220; type=&#8220;grid&#8220; angled_section=&#8220;no&#8220; text_align=&#8220;left&#8220; background_image_as_pattern=&#8220;without_pattern&#8220; bg_type=&#8220;bg_color&#8220; bg_override=&#8220;full&#8220; z_index=&#8220;&#8220; background_color=&#8220;#ffffff&#8220; css=&#8220;.vc_custom_1615848381162{background-color: #f7fff7 !important;}&#8220;][vc_column][vc_empty_space height=&#8220;48px&#8220;][\/vc_column][\/vc_row][vc_row css_animation=&#8220;&#8220; row_type=&#8220;row&#8220; use_row_as_full_screen_section=&#8220;no&#8220; type=&#8220;grid&#8220; angled_section=&#8220;no&#8220; text_align=&#8220;left&#8220; background_image_as_pattern=&#8220;without_pattern&#8220; bg_type=&#8220;bg_color&#8220; bg_override=&#8220;full&#8220; z_index=&#8220;&#8220; background_color=&#8220;#ffffff&#8220; css=&#8220;.vc_custom_1615848396428{background-color: #f7fff7 !important;}&#8220;][vc_column width=&#8220;1\/3&#8243;][vc_column_text]<\/p>\n<h2><span style=\"color: #001400;\"><strong>Eintr\u00e4ge &amp; Links<\/strong><\/span><\/h2>\n<p>[\/vc_column_text][vc_empty_space height=&#8220;18px&#8220;]<div data-id=\"mpc_divider-369f2b257437a0\" class=\"mpc-divider-wrap\"><div class=\"mpc-divider mpc-init mpc-align--left mpc-disable--left \" ><div class=\"mpc-divider__line mpc-side--left\"><span><\/span><\/div><div class=\"mpc-divider__line mpc-side--right\"><span><\/span><\/div><\/div><\/div>[vc_empty_space][\/vc_column][vc_column width=&#8220;2\/3&#8243;]<div id=\"mpc_accordion-4869f2b2574385e\" class=\"mpc-accordion mpc-init mpc-transition \" ><ul class=\"mpc-accordion__content\"><li class=\"mpc-accordion__item \"><div class=\"mpc-accordion-item__heading mpc-transition\"><div data-id=\"mpc_icon-569f2b2574382b\" class=\"mpc-icon mpc-init mpc-transition mpc-effect-fade mpc-icon-hover \"><div class=\"mpc-icon-wrap\"><i class=\"mpc-icon-part mpc-regular mpc-transition  eti eti_plus_alt2\"><\/i><i class=\"mpc-icon-part mpc-hover mpc-transition  eti eti_minus_alt2\"><\/i><\/div><\/div><h3>Schweizerische parlamentarische Vorst\u00f6sse<\/h3><\/div><div class=\"mpc-accordion-item__content mpc-container\" ><div class=\"mpc-accordion-item__wrapper\">[vc_column_text]<a href=\"https:\/\/www.parlament.ch\/de\/ratsbetrieb\/suche-curia-vista\/geschaeft?AffairId=19983251\" target=\"_blank\" rel=\"nofollow noopener\"><strong>3251 MOTION: <\/strong><strong>V\u00f6lkermord an den Armeniern<\/strong><\/a><br \/>\nZIEGLER JEAN<\/p>\n<hr \/>\n<p><a href=\"https:\/\/www.parlament.ch\/de\/ratsbetrieb\/suche-curia-vista\/geschaeft?AffairId=19953186\" target=\"_blank\" rel=\"nofollow noopener\"><strong>3186 INTERPELLATION: Anerkennung des V\u00f6lkermordes an den Armeniern<br \/>\n<\/strong><\/a>FANKHAUSER ANGELINE<\/p>\n<hr \/>\n<p><a href=\"https:\/\/www.parlament.ch\/de\/ratsbetrieb\/suche-curia-vista\/geschaeft?AffairId=20002018\" target=\"_blank\" rel=\"nofollow noopener\"><strong>2018 PETITION: <\/strong><strong>V\u00f6lkermord an Armeniern<\/strong><\/a>VEREIN DER V\u00d6LKERMORDGEGNER<\/p>\n<hr \/>\n<p><a href=\"https:\/\/www.parlament.ch\/de\/ratsbetrieb\/suche-curia-vista\/geschaeft?AffairId=20003245\" target=\"_blank\" rel=\"nofollow noopener\"><strong>3245 POSTULATE: <\/strong><strong>V\u00f6lkermord in Armenien. Anerkennung durch die Schweiz<\/strong><\/a><br \/>\nZISYADIS JOSEF<\/p>\n<hr \/>\n<p><a href=\"https:\/\/www.parlament.ch\/de\/ratsbetrieb\/suche-curia-vista\/geschaeft?AffairId=20023069\" target=\"_blank\" rel=\"nofollow noopener\"><strong>3069 POSTULATE: <\/strong><strong>Anerkennung des V\u00f6lkermordes an den Armeniern im Jahr 1915<br \/>\n<\/strong><\/a>(VAUDROZ JEAN-CLAUDE -) DE BUMAN DOMINIQUE<\/p>\n<hr \/>\n<p><a href=\"https:\/\/www.parlament.ch\/de\/ratsbetrieb\/suche-curia-vista\/geschaeft?AffairId=20104160\" target=\"_blank\" rel=\"nofollow noopener\"><strong>4160 INTERPELLATION: <\/strong><\/a><strong>Armenien und die T\u00fcrkei. Keine Konfliktbeilegung ohne Wahrheitswahrnehmung<br \/>\n<\/strong>DE BUMAN DOMINIQUE<\/p>\n<hr \/>\n<p><a href=\"https:\/\/www.parlament.ch\/de\/ratsbetrieb\/suche-curia-vista\/geschaeft?AffairId=20134319\" target=\"_blank\" rel=\"nofollow noopener\"><strong>4319 INTERPELLATION: Unsere nationale Souver\u00e4nit\u00e4t sowie unsere kommunalen und kantonalen Zust\u00e4ndigkeiten erhalten<\/strong><\/a><br \/>\nDE BUMAN DOMINIQUE<\/p>\n<hr \/>\n<p><a href=\"https:\/\/www.parlament.ch\/de\/ratsbetrieb\/suche-curia-vista\/geschaeft?AffairId=20134240\" target=\"_blank\" rel=\"nofollow noopener\"><strong>4240 INTERPELLATION: Strategische Partnerschaft mit der T\u00fcrkei. Widerspruch zur Rolle der Schweiz als Vermittlerin<\/strong><\/a><br \/>\nLEUENBERGER UELI<\/p>\n<hr \/>\n<p><a href=\"https:\/\/www.parlament.ch\/de\/ratsbetrieb\/suche-curia-vista\/geschaeft?AffairId=20083994\" target=\"_blank\" rel=\"nofollow noopener\"><strong>3994 INTERPELLATION: Massaker am armenischen Volk. Gef\u00e4hrliche Infragestellung der Qualifikation als V\u00f6lkermord<\/strong><\/a><br \/>\nLEUENBERGER UELI[\/vc_column_text]<\/div><\/div><\/li><li class=\"mpc-accordion__item \"><div class=\"mpc-accordion-item__heading mpc-transition\"><div data-id=\"mpc_icon-569f2b2574382b\" class=\"mpc-icon mpc-init mpc-transition mpc-effect-fade mpc-icon-hover \"><div class=\"mpc-icon-wrap\"><i class=\"mpc-icon-part mpc-regular mpc-transition  eti eti_plus_alt2\"><\/i><i class=\"mpc-icon-part mpc-hover mpc-transition  eti eti_minus_alt2\"><\/i><\/div><\/div><h3>Schweizerische Vorst\u00f6sse zum Verbrechen des V\u00f6lkermordes<\/h3><\/div><div class=\"mpc-accordion-item__content mpc-container\" ><div class=\"mpc-accordion-item__wrapper\">[vc_column_text]<a href=\"https:\/\/www.fedlex.admin.ch\/eli\/fga\/2001\/133\/fr\" target=\"_blank\" rel=\"nofollow noopener\"><strong>090 Botschaft: Botschaft \u00fcber das R\u00f6mer Statut des Internationalen Strafgerichtshofs, das Bundesgesetz \u00fcber die Zusammenarbeit mit dem internationalen Strafgerichtshof und eine Revision des Strafrechts<\/strong><\/a><br \/>\n<strong>&#8222;Die an den Armeniern begangenen Verbrechen werden als Paradebeispiel f\u00fcr V\u00f6lkermord angef\u00fchrt&#8220;<br \/>\n<\/strong><\/p>\n<hr \/>\n<p><a href=\"https:\/\/www.fedlex.admin.ch\/eli\/cc\/2002\/358\/fr\" target=\"_blank\" rel=\"nofollow noopener\"><strong>311.11 \u00dcBEREINKOMMEN: <\/strong><strong>\u00dcbereinkommen vom 9. Dezember 1948<br \/>\n\u00fcber die Verh\u00fctung und Bestrafung des V\u00f6lkermordes<\/strong> <\/a><\/p>\n<hr \/>\n<p><strong><a href=\"https:\/\/www.parlament.ch\/afs\/data\/d\/gesch\/1988\/d_gesch_19880720_002.htm\" target=\"_blank\" rel=\"nofollow noopener\">720 POSTULAT: <\/a><\/strong><strong>Bericht und Forschung zum V\u00f6lkermord (Genozid)<\/strong><br \/>\nBraunschweig Hansj\u00f6rg<\/p>\n<hr \/>\n<p><a href=\"https:\/\/www.parlament.ch\/de\/ratsbetrieb\/suche-curia-vista\/geschaeft?AffairId=20013288\" target=\"_blank\" rel=\"nofollow noopener\"><strong>3288 MOTION: V\u00f6lkermord. \u00dcberlebende als Privatkl\u00e4ger<\/strong><\/a><br \/>\nMUGNY PATRICE<\/p>\n<hr \/>\n<p><a href=\"https:\/\/www.parlament.ch\/de\/ratsbetrieb\/suche-curia-vista\/geschaeft?AffairId=20081078\" target=\"_blank\" rel=\"nofollow noopener\"><strong>1078 INQUIRY: Empfehlungen des Uno-Ausschusses gegen Rassismus. Massnahmen des Bundesrates<\/strong><\/a> LEUENBERGER UELI<\/p>\n<hr \/>\n<p><a href=\"https:\/\/www.parlament.ch\/de\/ratsbetrieb\/suche-curia-vista\/geschaeft?AffairId=20083789\" target=\"_blank\" rel=\"nofollow noopener\"><strong>3789 MOTION : <\/strong><strong>Verh\u00fctung von V\u00f6lkermord. Kampf gegen Ethnozid<\/strong><\/a><br \/>\nAUBERT JOSIANE<\/p>\n<hr \/>\n<p><a href=\"https:\/\/www.parlament.ch\/de\/ratsbetrieb\/suche-curia-vista\/geschaeft?AffairId=20000090\" target=\"_blank\" rel=\"nofollow noopener\"><strong>090 GESCH\u00c4FT DES BUNDESRATES: Internationaler Strafgerichtshof. Beitritt<\/strong><\/a>[\/vc_column_text]<\/div><\/div><\/li><li class=\"mpc-accordion__item \"><div class=\"mpc-accordion-item__heading mpc-transition\"><div data-id=\"mpc_icon-569f2b2574382b\" class=\"mpc-icon mpc-init mpc-transition mpc-effect-fade mpc-icon-hover \"><div class=\"mpc-icon-wrap\"><i class=\"mpc-icon-part mpc-regular mpc-transition  eti eti_plus_alt2\"><\/i><i class=\"mpc-icon-part mpc-hover mpc-transition  eti eti_minus_alt2\"><\/i><\/div><\/div><h3>Leugnung des armenischen V\u00f6lkermordes<\/h3><\/div><div class=\"mpc-accordion-item__content mpc-container\" ><div class=\"mpc-accordion-item__wrapper\">[vc_column_text]<a href=\"https:\/\/www.parlament.ch\/fr\/ratsbetrieb\/suche-curia-vista\/geschaeft?AffairId=20035163\" target=\"_blank\" rel=\"nofollow noopener\"><strong>5163 QUESTION TIME: <\/strong><strong>T\u00fcrkei. Leugnung der begangenen Verbrechen<\/strong> <\/a><br \/>\nSTUDER HEINER<\/p>\n<hr \/>\n<p><a href=\"https:\/\/www.parlament.ch\/fr\/ratsbetrieb\/suche-curia-vista\/geschaeft?AffairId=20035189\" target=\"_blank\" rel=\"nofollow noopener\"><strong>5189 QUESTION TIME: <\/strong><strong>Vergangenheitsbew\u00e4ltigung in der T\u00fcrkei<\/strong><\/a><br \/>\nRUEY CLAUDE<\/p>\n<hr \/>\n<p><a href=\"https:\/\/www.parlament.ch\/fr\/ratsbetrieb\/suche-curia-vista\/geschaeft?AffairId=20035171\" target=\"_blank\" rel=\"nofollow noopener\"><strong>5171 FRAGE ZUR FRAGESTUNDE: <\/strong><strong>Vergangenheitsbew\u00e4ltigung in der T\u00fcrkei<\/strong><\/a><br \/>\nSIMONESCHI-CORTESI CHIARA<\/p>\n<hr \/>\n<p><a href=\"https:\/\/www.parlament.ch\/fr\/ratsbetrieb\/suche-curia-vista\/geschaeft?AffairId=20035170\" target=\"_blank\" rel=\"nofollow noopener\"><strong>5170 FRAGE ZUR FRAGESTUNDE: <\/strong><strong>Vergangenheitsbew\u00e4ltigung in der T\u00fcrkei<\/strong><\/a><br \/>\nDE DARDEL JEAN-NILS<\/p>\n<hr \/>\n<p><a href=\"https:\/\/www.parlament.ch\/fr\/ratsbetrieb\/suche-curia-vista\/geschaeft?AffairId=20035179\" target=\"_blank\" rel=\"nofollow noopener\"><strong>5179 FRAGE ZUR FRAGESTUNDE: Verstoss gegen die Rechte des Kindes?<\/strong><\/a><br \/>\nHALLER VANNINI URSULA[\/vc_column_text]<\/div><\/div><\/li><li class=\"mpc-accordion__item \"><div class=\"mpc-accordion-item__heading mpc-transition\"><div data-id=\"mpc_icon-569f2b2574382b\" class=\"mpc-icon mpc-init mpc-transition mpc-effect-fade mpc-icon-hover \"><div class=\"mpc-icon-wrap\"><i class=\"mpc-icon-part mpc-regular mpc-transition  eti eti_plus_alt2\"><\/i><i class=\"mpc-icon-part mpc-hover mpc-transition  eti eti_minus_alt2\"><\/i><\/div><\/div><h3>Die Beziehungen Schweiz-T\u00fcrkei nach der Anerkennung des V\u00f6lkermordes an den Armeniern<\/h3><\/div><div class=\"mpc-accordion-item__content mpc-container\" ><div class=\"mpc-accordion-item__wrapper\">[vc_column_text]<a href=\"https:\/\/www.parlament.ch\/de\/ratsbetrieb\/suche-curia-vista\/geschaeft?AffairId=19933454\" target=\"_blank\" rel=\"nofollow noopener\"><strong>3454 INTERPELLATION: Beziehungen Schweiz-T\u00fcrkei<\/strong><\/a><br \/>\nZISYADIS JOSEF<\/p>\n<hr \/>\n<p><a href=\"https:\/\/www.parlament.ch\/de\/ratsbetrieb\/suche-curia-vista\/geschaeft?AffairId=20021044\" target=\"_blank\" rel=\"nofollow noopener\"><strong>1044 EINFACHE ANFRAGE: <\/strong><strong>Erkl\u00e4rungen von Bundesrat Couchepin in der T\u00fcrkei<\/strong><\/a><br \/>\nDE DARDEL JEAN-NILS<\/p>\n<hr \/>\n<p><a href=\"https:\/\/www.parlament.ch\/de\/ratsbetrieb\/suche-curia-vista\/geschaeft?AffairId=20063587\" target=\"_blank\" rel=\"nofollow noopener\"><strong>3587 INTERPELLATION: Unannehmbare \u00c4usserungen von Bundesrat Blocher in der T\u00fcrkei<\/strong><\/a><br \/>\nLEUENBERGER UELI<\/p>\n<hr \/>\n<p><a href=\"https:\/\/www.parlament.ch\/de\/ratsbetrieb\/suche-curia-vista\/geschaeft?AffairId=20063625\" target=\"_blank\" rel=\"nofollow noopener\"><strong>3625 INTERPELLATION: Mangelnde Loyalit\u00e4t eines Bundesrates gegen\u00fcber der Schweiz und ihren Institutionen<\/strong><\/a><br \/>\nBERSET ALAIN<\/p>\n<hr \/>\n<p><a href=\"https:\/\/www.parlament.ch\/de\/ratsbetrieb\/suche-curia-vista\/geschaeft?AffairId=20075038\" target=\"_blank\" rel=\"nofollow noopener\"><strong>5038 FRAGE ZUR FRAGESTUNDE: Treffen mit einem t\u00fcrkischen Minister in der Schweiz. Schlecht gew\u00e4hltes Datum<\/strong> <\/a><br \/>\nLEUENBERGER UELI<\/p>\n<hr \/>\n<p><a href=\"https:\/\/www.parlament.ch\/de\/ratsbetrieb\/suche-curia-vista\/geschaeft?AffairId=20083993\" target=\"_blank\" rel=\"nofollow noopener\"><strong>3993 INTERPELLATION: Belastetes symbolisches Geschenk an die T\u00fcrkei<\/strong><\/a><br \/>\nLEUENBERGER UELI[\/vc_column_text]<\/div><\/div><\/li><li class=\"mpc-accordion__item \"><div class=\"mpc-accordion-item__heading mpc-transition\"><div data-id=\"mpc_icon-569f2b2574382b\" class=\"mpc-icon mpc-init mpc-transition mpc-effect-fade mpc-icon-hover \"><div class=\"mpc-icon-wrap\"><i class=\"mpc-icon-part mpc-regular mpc-transition  eti eti_plus_alt2\"><\/i><i class=\"mpc-icon-part mpc-hover mpc-transition  eti eti_minus_alt2\"><\/i><\/div><\/div><h3>Zus\u00e4tzliche Schweizer parlamentarische Vorst\u00f6sse zu verwandten V\u00f6lkermordsverbrechen<\/h3><\/div><div class=\"mpc-accordion-item__content mpc-container\" ><div class=\"mpc-accordion-item__wrapper\">[vc_column_text]<a href=\"https:\/\/www.parlament.ch\/afs\/data\/d\/gesch\/1988\/d_fra_19885122.htm\" target=\"_blank\" rel=\"nofollow noopener\"><strong>5122 FRAGE ZUR FRAGESTUNDE: V\u00f6lkermord an den Kurden<\/strong><\/a><br \/>\nBraunschweig Hansj\u00f6rg<\/p>\n<hr \/>\n<p><a href=\"https:\/\/www.parlament.ch\/afs\/data\/d\/gesch\/1992\/d_fra_19925101.htm\" target=\"_blank\" rel=\"nofollow noopener\"><strong>5101 FRAGE ZUR FRAGESTUNDE: V\u00f6lkermord an den Kurden<\/strong><\/a><br \/>\nZisyadis Joseph<\/p>\n<hr \/>\n<p><a href=\"https:\/\/www.parlament.ch\/de\/ratsbetrieb\/suche-curia-vista\/geschaeft?AffairId=20073144\" target=\"_blank\" rel=\"nofollow noopener\"><strong>3144 INTERPELLATION: V\u00f6lkermord an den Assyrern<\/strong><\/a><br \/>\nABATE FABIO[\/vc_column_text]<\/div><\/div><\/li><li class=\"mpc-accordion__item \"><div class=\"mpc-accordion-item__heading mpc-transition\"><div data-id=\"mpc_icon-569f2b2574382b\" class=\"mpc-icon mpc-init mpc-transition mpc-effect-fade mpc-icon-hover \"><div class=\"mpc-icon-wrap\"><i class=\"mpc-icon-part mpc-regular mpc-transition  eti eti_plus_alt2\"><\/i><i class=\"mpc-icon-part mpc-hover mpc-transition  eti eti_minus_alt2\"><\/i><\/div><\/div><h3>Documentation \u00fcber den V\u00f6lkermord an den Armeniern<\/h3><\/div><div class=\"mpc-accordion-item__content mpc-container\" ><div class=\"mpc-accordion-item__wrapper\">[vc_column_text]<a href=\"https:\/\/en.wikipedia.org\/wiki\/Killing_Orders\" target=\"_blank\" rel=\"nofollow noopener\"><strong>T\u00f6tungsbefehle. Talat Paschas Telegramme und der V\u00f6lkermord an den Armeniern<\/strong><\/a><br \/>\nTaner Ak\u00e7am<\/p>\n<hr \/>\n<p><a href=\"https:\/\/ref.lamartinieregroupe.com\/media\/9782021139402\/113940_extrait_Extrait_0.pdf\" target=\"_blank\" rel=\"nofollow noopener\"><strong>Le Memorial du G\u00e9nocide des Arm\u00e9niens [PDF]<br \/>\n<\/strong><\/a>Raymond H. K\u00e9vorkian, Yves Ternon<\/p>\n<hr \/>\n<p><a href=\"http:\/\/www.armenian.ch\/saa\/Docs\/DokGenF.pdf\" target=\"_blank\" rel=\"nofollow noopener\"><strong>Ein Zeichen der Gerechtigkeit f\u00fcr die vergessenen Opfer von 1915 (FR) [PDF]<br \/>\n<\/strong><\/a>Basic information on the genocide prepared by the Society for Threatened Peoples<\/p>\n<hr \/>\n<p><a href=\"http:\/\/www.armenian-genocide.org\/photo_wegner.html\" target=\"_blank\" rel=\"nofollow noopener\"><strong>Fotografische Dokumente von Armin T. Wegner\u00a0(1915-1916)<\/strong> <\/a><br \/>\nArmenian National Institute<\/p>\n<hr \/>\n<p><a href=\"http:\/\/www.armenian-genocide.org\/photo_elder.html\" target=\"_blank\" rel=\"nofollow noopener\"><strong>Fotografische Dokumente von John Elder\u00a0(1917-1919)<\/strong> <\/a><br \/>\nArmenian National Institute<\/p>\n<hr \/>\n<p><a href=\"http:\/\/www.imprescriptible.fr\/documents\/lepsius\/references.htm\" target=\"_blank\" rel=\"nofollow noopener\"><strong>Die Archive von Johannes\u00a0Lepsius Kollektion von Wolfgang Gust (FR)<\/strong>\u00a0<\/a><\/p>\n<hr \/>\n<p><a href=\"http:\/\/www.imprescriptible.fr\/ternon\/2_chapitre2.htm\" target=\"_blank\" rel=\"nofollow noopener\"><strong>Telegramme mit Bezug auf den V\u00f6lkermord an den Armeniern<\/strong><\/a><br \/>\nVer\u00f6ffentlicht von der Justizbeilage des t\u00fcrkischen Amtsblattes und von der Presse in Konstantinopel zwischen 1918 und 1919<\/p>\n<hr \/>\n<p><a href=\"http:\/\/www.armenian-genocide.org\/genocidefaq.htm\" target=\"_blank\" rel=\"nofollow noopener\"><strong>FAQ\u00a0\u00fcber den V\u00f6lkermord an den Armeniern<br \/>\n<\/strong><\/a>Armenian National Institute[\/vc_column_text]<\/div><\/div><\/li><li class=\"mpc-accordion__item \"><div class=\"mpc-accordion-item__heading mpc-transition\"><div data-id=\"mpc_icon-569f2b2574382b\" class=\"mpc-icon mpc-init mpc-transition mpc-effect-fade mpc-icon-hover \"><div class=\"mpc-icon-wrap\"><i class=\"mpc-icon-part mpc-regular mpc-transition  eti eti_plus_alt2\"><\/i><i class=\"mpc-icon-part mpc-hover mpc-transition  eti eti_minus_alt2\"><\/i><\/div><\/div><h3>GESELLSCHAFTLICHE UNTERST\u00dcTZUNG F\u00dcR DIE ANERKENNUNG DES V\u00d6LKERMORDES<\/h3><\/div><div class=\"mpc-accordion-item__content mpc-container\" ><div class=\"mpc-accordion-item__wrapper\">[vc_column_text]<a href=\"https:\/\/gsa.swiss\/wp-content\/uploads\/documents\/Genocide_Memorandum_Landeskirchen_D.pdf\" target=\"_blank\" rel=\"nofollow noopener\"><strong>Memorandum zu Handen der Mitglieder des Nationalrates [PDF]<\/strong><\/a><br \/>\nSCHWEIZERISCHE LANDESKIRCHEN<\/p>\n<hr \/>\n<p><a href=\"https:\/\/gsa.swiss\/wp-content\/uploads\/documents\/Genocide_Memorandum_Landeskirchen_F.pdf\" target=\"_blank\" rel=\"nofollow noopener\"><strong>Memorandum zu Handen der Mitglieder des Nationalrates (Franz\u00f6sisch) [PDF]<\/strong><\/a><br \/>\nSCHWEIZERISCHE LANDESKIRCHEN[\/vc_column_text]<\/div><\/div><\/li><\/ul><\/div>[\/vc_column][\/vc_row][vc_row css_animation=&#8220;&#8220; row_type=&#8220;row&#8220; use_row_as_full_screen_section=&#8220;no&#8220; type=&#8220;grid&#8220; angled_section=&#8220;no&#8220; text_align=&#8220;left&#8220; background_image_as_pattern=&#8220;without_pattern&#8220; bg_type=&#8220;bg_color&#8220; bg_override=&#8220;full&#8220; z_index=&#8220;&#8220; background_color=&#8220;#ffffff&#8220; css=&#8220;.vc_custom_1615848381162{background-color: #f7fff7 !important;}&#8220;][vc_column][vc_empty_space height=&#8220;48px&#8220;][\/vc_column][\/vc_row][vc_row css_animation=&#8220;&#8220; row_type=&#8220;row&#8220; use_row_as_full_screen_section=&#8220;no&#8220; type=&#8220;grid&#8220; angled_section=&#8220;no&#8220; text_align=&#8220;left&#8220; background_image_as_pattern=&#8220;without_pattern&#8220; bg_type=&#8220;bg_color&#8220; bg_override=&#8220;full&#8220; z_index=&#8220;&#8220; background_color=&#8220;#1a535c&#8220;][vc_column width=&#8220;2\/3&#8243;][vc_empty_space height=&#8220;20px&#8220;][vc_column_text css=&#8220;.vc_custom_1617628802547{padding-top: 5% !important;}&#8220;]<\/p>\n<h2><strong><span style=\"color: #ffffff;\">Sie k\u00f6nnen etwas bewirken!<\/span><\/strong><\/h2>\n<p>[\/vc_column_text][vc_empty_space height=&#8220;18px&#8220;][vc_column_text css=&#8220;.vc_custom_1609884486218{padding-bottom: 20px !important;}&#8220;]<\/p>\n<h5><span style=\"color: #ffffff;\">Helfen Sie uns, zuk\u00fcnftige Erfolgsgeschichten zu schaffen<\/span><\/h5>\n<p>[\/vc_column_text][vc_empty_space height=&#8220;20px&#8220;][vc_empty_space height=&#8220;20px&#8220;][\/vc_column][vc_column width=&#8220;1\/3&#8243;][vc_empty_space height=&#8220;20px&#8220;]<div class=\" vc_custom_1615855673020 ubtn-ctn-left \"><a class=\"ubtn-link ult-adjust-bottom-margin ubtn-left ubtn-normal \" href=\"http:\/\/gsa.swiss\/de\/join\/\" title=\"Mitmachen\"><button type=\"button\" id=\"ubtn-4758\"  class=\"ubtn ult-adjust-bottom-margin ult-responsive ubtn-normal ubtn-no-hover-bg  none  ubtn-left   tooltip-69f2b25743d83\"  data-hover=\"#ffffff\" data-border-color=\"\" data-bg=\"#fdb321\" data-hover-bg=\"#4ecdc4\" data-border-hover=\"\" data-shadow-hover=\"\" data-shadow-click=\"none\" data-shadow=\"\" data-shd-shadow=\"\"  data-ultimate-target='#ubtn-4758'  data-responsive-json-new='{\"font-size\":\"desktop:18px;\",\"line-height\":\"\"}'  style=\"font-family:&#039;Nunito Sans&#039;;font-weight:700;border:none;background: #fdb321;color: #ffffff;\"><span class=\"ubtn-hover\" style=\"background-color:#4ecdc4\"><\/span><span class=\"ubtn-data ubtn-text \" >UNTERST\u00dcTZEN SIE DIE GSA<\/span><\/button><\/a><\/div>[vc_empty_space height=&#8220;15px&#8220;][\/vc_column][\/vc_row][vc_row css_animation=&#8220;&#8220; row_type=&#8220;row&#8220; use_row_as_full_screen_section=&#8220;no&#8220; type=&#8220;grid&#8220; angled_section=&#8220;no&#8220; text_align=&#8220;left&#8220; background_image_as_pattern=&#8220;without_pattern&#8220; z_index=&#8220;&#8220;][vc_column][vc_empty_space height=&#8220;60px&#8220;]<div class=\"mpc-carousel__wrapper mpc-waypoint\"><div id=\"mpc_carousel_posts-7269f2b2574d2c8\" class=\"mpc-carousel-posts mpc-init mpc-init mpc-transition mpc-overlay--slide-up mpc-item--fade mpc-layout--style_2  \"   data-mpcslick='{\"infinite\":true,\"autoplay\":false,\"slidesToShow\":3,\"slidesToScroll\":3,\"centerMode\":false,\"initialSlide\":0}' data-slick-cols=\"3\"><div onclick=\"\" class=\"mpc-post\"><div class=\"mpc-post__wrapper\"><div class=\"mpc-post__thumbnail\" data-mpc_src=\"https:\/\/gsa.swiss\/wp-content\/uploads\/2021\/01\/issues-artsakh-1000x400-1.jpg\" data-mpc_link=\"https:\/\/gsa.swiss\/de\/issues\/artsakh-armenia-azerbaijan-conflict\/\"><div class=\"mpc-post__overlay mpc-transition\"><div class=\"mpc-post--vertical-wrap\"><div class=\"mpc-post--vertical\" data-mpc_link=\"https:\/\/gsa.swiss\/de\/issues\/artsakh-armenia-azerbaijan-conflict\/\"><a href=\"https:\/\/gsa.swiss\/de\/issues\/artsakh-armenia-azerbaijan-conflict\/\" title=\"Read more about Sicherheit Und Gerechtigkeit F\u00fcr Artsach\" class=\"mpc-icon-anchor\"><i class=\"mpc-post-overlay__icon mpc-type--readmore mi mi-link\"><\/i><\/a><\/div><\/div><\/div><\/div><div class=\"mpc-post__content mpc-transition\"><h3 class=\"mpc-post__heading mpc-transition mpc-typography--preset_0 mpc-text-overflow\"><a href=\"https:\/\/gsa.swiss\/de\/issues\/artsakh-armenia-azerbaijan-conflict\/\" title=\"Sicherheit Und Gerechtigkeit F\u00fcr Artsach\">Sicherheit Und Gerechtigkeit F\u00fcr Artsach<\/a><\/h3><div class=\"mpc-post__description mpc-typography--preset_0\">[vc_row css_animation=&#8220;&#8220; row_type=&#8220;row&#8220; use_row_as_full_screen_section=&#8220;no&#8220; type=&#8220;grid&#8220; angled_section=&#8220;no&#8220; text_align=&#8220;left&#8220; background_image_as_pattern=&#8220;without_pattern&#8220; bg_type=&#8220;bg_color&#8220; bg_override=&#8220;full&#8220; z_index=&#8220;&#8220; background_image=&#8220;4263&#8243; css=&#8220;.vc_custom_1615847996196{background-image: url(https:\/\/gsa.swiss\/wp-content\/uploads\/2021\/01\/issues-artsakh-1000&#215;400-1.jpg?id=4263) !important;}&#8220;][vc_column][vc_empty_space height=&#8220;120px&#8220;][vc_empty_space height=&#8220;120px&#8220;][\/vc_column][\/vc_row][vc_row css_animation=&#8220;&#8220; row_type=&#8220;row&#8220; use_row_as_full_screen_section=&#8220;no&#8220; type=&#8220;grid&#8220; angled_section=&#8220;no&#8220; text_align=&#8220;left&#8220; background_image_as_pattern=&#8220;without_pattern&#8220; bg_type=&#8220;bg_color&#8220; bg_override=&#8220;full&#8220; z_index=&#8220;&#8220;][vc_column][vc_empty_space][\/vc_column][\/vc_row][vc_row css_animation=&#8220;&#8220; row_type=&#8220;row&#8220; use_row_as_full_screen_section=&#8220;no&#8220; type=&#8220;grid&#8220; angled_section=&#8220;no&#8220; text_align=&#8220;left&#8220; background_image_as_pattern=&#8220;without_pattern&#8220; bg_type=&#8220;bg_color&#8220; bg_override=&#8220;full&#8220; z_index=&#8220;&#8220; anchor=&#8220;profile&#8220;][vc_column][vc_column_text] Der Armenien-Aserbaidschan-Konflikt in der Region Arzach (Berg-Karabach)<\/div><a href=\"https:\/\/gsa.swiss\/de\/issues\/artsakh-armenia-azerbaijan-conflict\/\" title=\"Sicherheit Und Gerechtigkeit F\u00fcr Artsach\" class=\"mpc-button mpc-init mpc-transition \"><div class=\"mpc-button__content mpc-effect-type--none mpc-effect-side--none\"><span class=\"mpc-button__title mpc-transition\">MEHR ERFAHREN<\/span><\/div><div class=\"mpc-button__background mpc-transition mpc-effect-type--slide mpc-effect-side--right\"><\/div><\/a><div class=\"mpc-post__meta mpc-transition mpc-typography--preset_0\"><span class=\"mpc-post__date\">on <a href=\"https:\/\/gsa.swiss\/de\/2021\/02\/15\/\"><span class=\"mpc-date__inline\">15 Februar 2021<\/span><\/a><\/span>, <span class=\"mpc-post__tax\">in Allgemein<\/span><\/div><\/div><\/div><\/div><div onclick=\"\" class=\"mpc-post\"><div class=\"mpc-post__wrapper\"><div class=\"mpc-post__thumbnail\" data-mpc_src=\"https:\/\/gsa.swiss\/wp-content\/uploads\/2021\/02\/fb-img-1609027492765-1024x664.jpg\" data-mpc_link=\"https:\/\/gsa.swiss\/de\/issues\/swiss-armenian-relations\/\"><div class=\"mpc-post__overlay mpc-transition\"><div class=\"mpc-post--vertical-wrap\"><div class=\"mpc-post--vertical\" data-mpc_link=\"https:\/\/gsa.swiss\/de\/issues\/swiss-armenian-relations\/\"><a href=\"https:\/\/gsa.swiss\/de\/issues\/swiss-armenian-relations\/\" title=\"Read more about St\u00e4rkung der Schweizer Beziehungen\" class=\"mpc-icon-anchor\"><i class=\"mpc-post-overlay__icon mpc-type--readmore mi mi-link\"><\/i><\/a><\/div><\/div><\/div><\/div><div class=\"mpc-post__content mpc-transition\"><h3 class=\"mpc-post__heading mpc-transition mpc-typography--preset_0 mpc-text-overflow\"><a href=\"https:\/\/gsa.swiss\/de\/issues\/swiss-armenian-relations\/\" title=\"St\u00e4rkung der Schweizer Beziehungen\">St\u00e4rkung der Schweizer Beziehungen<\/a><\/h3><div class=\"mpc-post__description mpc-typography--preset_0\">[vc_row css_animation=&#8220;&#8220; row_type=&#8220;row&#8220; use_row_as_full_screen_section=&#8220;no&#8220; type=&#8220;grid&#8220; angled_section=&#8220;no&#8220; text_align=&#8220;left&#8220; background_image_as_pattern=&#8220;without_pattern&#8220; bg_type=&#8220;bg_color&#8220; bg_override=&#8220;full&#8220; z_index=&#8220;&#8220; background_image=&#8220;4379&#8243; css=&#8220;.vc_custom_1615854941767{background-image: url(https:\/\/gsa.swiss\/wp-content\/uploads\/2021\/02\/fb-img-1609027492765-e1613848085626.jpg?id=4379) !important;}&#8220;][vc_column][vc_empty_space height=&#8220;120px&#8220;][vc_empty_space height=&#8220;120px&#8220;][\/vc_column][\/vc_row][vc_row css_animation=&#8220;&#8220; row_type=&#8220;row&#8220; use_row_as_full_screen_section=&#8220;no&#8220; type=&#8220;grid&#8220; angled_section=&#8220;no&#8220; text_align=&#8220;left&#8220; background_image_as_pattern=&#8220;without_pattern&#8220; bg_type=&#8220;bg_color&#8220; bg_override=&#8220;full&#8220; z_index=&#8220;&#8220;][vc_column][vc_empty_space][\/vc_column][\/vc_row][vc_row css_animation=&#8220;&#8220; row_type=&#8220;row&#8220; use_row_as_full_screen_section=&#8220;no&#8220; type=&#8220;grid&#8220; angled_section=&#8220;no&#8220; text_align=&#8220;left&#8220; background_image_as_pattern=&#8220;without_pattern&#8220; bg_type=&#8220;bg_color&#8220; bg_override=&#8220;full&#8220; z_index=&#8220;&#8220; anchor=&#8220;profile&#8220;][vc_column][vc_column_text] Verbesserung der Beziehungen zwischen Schweiz &amp; Armenien<\/div><a href=\"https:\/\/gsa.swiss\/de\/issues\/swiss-armenian-relations\/\" title=\"St\u00e4rkung der Schweizer Beziehungen\" class=\"mpc-button mpc-init mpc-transition \"><div class=\"mpc-button__content mpc-effect-type--none mpc-effect-side--none\"><span class=\"mpc-button__title mpc-transition\">MEHR ERFAHREN<\/span><\/div><div class=\"mpc-button__background mpc-transition mpc-effect-type--slide mpc-effect-side--right\"><\/div><\/a><div class=\"mpc-post__meta mpc-transition mpc-typography--preset_0\"><span class=\"mpc-post__date\">on <a href=\"https:\/\/gsa.swiss\/de\/2021\/02\/15\/\"><span class=\"mpc-date__inline\">15 Februar 2021<\/span><\/a><\/span>, <span class=\"mpc-post__tax\">in Allgemein<\/span><\/div><\/div><\/div><\/div><div onclick=\"\" class=\"mpc-post\"><div class=\"mpc-post__wrapper\"><div class=\"mpc-post__thumbnail\" data-mpc_src=\"https:\/\/gsa.swiss\/wp-content\/uploads\/2021\/01\/issues-foreign-aid-1000x400-1.jpg\" data-mpc_link=\"https:\/\/gsa.swiss\/de\/issues\/swiss-politics-foreign-aid\/\"><div class=\"mpc-post__overlay mpc-transition\"><div class=\"mpc-post--vertical-wrap\"><div class=\"mpc-post--vertical\" data-mpc_link=\"https:\/\/gsa.swiss\/de\/issues\/swiss-politics-foreign-aid\/\"><a href=\"https:\/\/gsa.swiss\/de\/issues\/swiss-politics-foreign-aid\/\" title=\"Read more about Schweizer Politik &#038; Aussenhilfe\" class=\"mpc-icon-anchor\"><i class=\"mpc-post-overlay__icon mpc-type--readmore mi mi-link\"><\/i><\/a><\/div><\/div><\/div><\/div><div class=\"mpc-post__content mpc-transition\"><h3 class=\"mpc-post__heading mpc-transition mpc-typography--preset_0 mpc-text-overflow\"><a href=\"https:\/\/gsa.swiss\/de\/issues\/swiss-politics-foreign-aid\/\" title=\"Schweizer Politik &#038; Aussenhilfe\">Schweizer Politik &#038; Aussenhilfe<\/a><\/h3><div class=\"mpc-post__description mpc-typography--preset_0\">[vc_row css_animation=&#8220;&#8220; row_type=&#8220;row&#8220; use_row_as_full_screen_section=&#8220;no&#8220; type=&#8220;grid&#8220; angled_section=&#8220;no&#8220; text_align=&#8220;left&#8220; background_image_as_pattern=&#8220;without_pattern&#8220; bg_type=&#8220;bg_color&#8220; bg_override=&#8220;full&#8220; z_index=&#8220;&#8220; background_image=&#8220;4259&#8243; css=&#8220;.vc_custom_1617182892596{background-image: url(https:\/\/gsa.swiss\/wp-content\/uploads\/2021\/02\/micheile-henderson-lZ_4nPFKcV8-unsplash-scaled-e1613848545919.jpg?id=4403) !important;}&#8220;][vc_column][vc_empty_space height=&#8220;120px&#8220;][vc_empty_space height=&#8220;120px&#8220;][\/vc_column][\/vc_row][vc_row css_animation=&#8220;&#8220; row_type=&#8220;row&#8220; use_row_as_full_screen_section=&#8220;no&#8220; type=&#8220;grid&#8220; angled_section=&#8220;no&#8220; text_align=&#8220;left&#8220; background_image_as_pattern=&#8220;without_pattern&#8220; bg_type=&#8220;bg_color&#8220; bg_override=&#8220;full&#8220; z_index=&#8220;&#8220;][vc_column][vc_empty_space][\/vc_column][\/vc_row][vc_row css_animation=&#8220;&#8220; row_type=&#8220;row&#8220; use_row_as_full_screen_section=&#8220;no&#8220; type=&#8220;grid&#8220; angled_section=&#8220;no&#8220; text_align=&#8220;left&#8220; background_image_as_pattern=&#8220;without_pattern&#8220; bg_type=&#8220;bg_color&#8220; bg_override=&#8220;full&#8220; z_index=&#8220;&#8220; anchor=&#8220;profile&#8220;][vc_column][vc_column_text] F\u00f6rderung der Wertsch\u00e4tzung von Armenien in der<\/div><a href=\"https:\/\/gsa.swiss\/de\/issues\/swiss-politics-foreign-aid\/\" title=\"Schweizer Politik &#038; Aussenhilfe\" class=\"mpc-button mpc-init mpc-transition \"><div class=\"mpc-button__content mpc-effect-type--none mpc-effect-side--none\"><span class=\"mpc-button__title mpc-transition\">MEHR ERFAHREN<\/span><\/div><div class=\"mpc-button__background mpc-transition mpc-effect-type--slide mpc-effect-side--right\"><\/div><\/a><div class=\"mpc-post__meta mpc-transition mpc-typography--preset_0\"><span class=\"mpc-post__date\">on <a href=\"https:\/\/gsa.swiss\/de\/2021\/02\/15\/\"><span class=\"mpc-date__inline\">15 Februar 2021<\/span><\/a><\/span>, <span class=\"mpc-post__tax\">in Allgemein<\/span><\/div><\/div><\/div><\/div><div onclick=\"\" class=\"mpc-post\"><div class=\"mpc-post__wrapper\"><div class=\"mpc-post__thumbnail\" data-mpc_src=\"https:\/\/gsa.swiss\/wp-content\/uploads\/2021\/01\/issues-sustainability-1000x400-1.jpg\" data-mpc_link=\"https:\/\/gsa.swiss\/de\/issues\/sustainability-armenia\/\"><div class=\"mpc-post__overlay mpc-transition\"><div class=\"mpc-post--vertical-wrap\"><div class=\"mpc-post--vertical\" data-mpc_link=\"https:\/\/gsa.swiss\/de\/issues\/sustainability-armenia\/\"><a href=\"https:\/\/gsa.swiss\/de\/issues\/sustainability-armenia\/\" title=\"Read more about Nachhaltigkeit in Armenien\" class=\"mpc-icon-anchor\"><i class=\"mpc-post-overlay__icon mpc-type--readmore mi mi-link\"><\/i><\/a><\/div><\/div><\/div><\/div><div class=\"mpc-post__content mpc-transition\"><h3 class=\"mpc-post__heading mpc-transition mpc-typography--preset_0 mpc-text-overflow\"><a href=\"https:\/\/gsa.swiss\/de\/issues\/sustainability-armenia\/\" title=\"Nachhaltigkeit in Armenien\">Nachhaltigkeit in Armenien<\/a><\/h3><div class=\"mpc-post__description mpc-typography--preset_0\">[vc_row css_animation=&#8220;&#8220; row_type=&#8220;row&#8220; use_row_as_full_screen_section=&#8220;no&#8220; type=&#8220;grid&#8220; angled_section=&#8220;no&#8220; text_align=&#8220;left&#8220; background_image_as_pattern=&#8220;without_pattern&#8220; bg_type=&#8220;bg_color&#8220; bg_override=&#8220;full&#8220; z_index=&#8220;&#8220; background_image=&#8220;4473&#8243; css=&#8220;.vc_custom_1615858680630{background-image: url(https:\/\/gsa.swiss\/wp-content\/uploads\/2021\/02\/zeynep-aciktepe-1-scaled-e1613853380762.jpg?id=4473) !important;}&#8220;][vc_column][vc_empty_space height=&#8220;120px&#8220;][vc_empty_space height=&#8220;120px&#8220;][\/vc_column][\/vc_row][vc_row css_animation=&#8220;&#8220; row_type=&#8220;row&#8220; use_row_as_full_screen_section=&#8220;no&#8220; type=&#8220;grid&#8220; angled_section=&#8220;no&#8220; text_align=&#8220;left&#8220; background_image_as_pattern=&#8220;without_pattern&#8220; bg_type=&#8220;bg_color&#8220; bg_override=&#8220;full&#8220; z_index=&#8220;&#8220;][vc_column][vc_empty_space][\/vc_column][\/vc_row][vc_row css_animation=&#8220;&#8220; row_type=&#8220;row&#8220; use_row_as_full_screen_section=&#8220;no&#8220; type=&#8220;grid&#8220; angled_section=&#8220;no&#8220; text_align=&#8220;left&#8220; background_image_as_pattern=&#8220;without_pattern&#8220; bg_type=&#8220;bg_color&#8220; bg_override=&#8220;full&#8220; z_index=&#8220;&#8220; anchor=&#8220;profile&#8220;][vc_column][vc_column_text] Armenien auf dem Weg zu einer nachhaltigeren<\/div><a href=\"https:\/\/gsa.swiss\/de\/issues\/sustainability-armenia\/\" title=\"Nachhaltigkeit in Armenien\" class=\"mpc-button mpc-init mpc-transition \"><div class=\"mpc-button__content mpc-effect-type--none mpc-effect-side--none\"><span class=\"mpc-button__title mpc-transition\">MEHR ERFAHREN<\/span><\/div><div class=\"mpc-button__background mpc-transition mpc-effect-type--slide mpc-effect-side--right\"><\/div><\/a><div class=\"mpc-post__meta mpc-transition mpc-typography--preset_0\"><span class=\"mpc-post__date\">on <a href=\"https:\/\/gsa.swiss\/de\/2021\/02\/15\/\"><span class=\"mpc-date__inline\">15 Februar 2021<\/span><\/a><\/span>, <span class=\"mpc-post__tax\">in Allgemein<\/span><\/div><\/div><\/div><\/div><\/div><div class=\"mpc-navigation mpc-init mpc-align--left mpc-navigation--style_1  mpc-nav-preset--\" data-mpcslider=\"mpc_carousel_posts-7269f2b2574d2c8\"><div class=\"mpc-nav__arrow mpcslick-prev\"><div class=\"mpc-nav__icon mpc-transition\"><i class=\"\"><div class=\"mpc-nav__background mpc-transition mpc-effect-type--fade mpc-effect-side--in\"><\/div><\/i><\/div><\/div><div class=\"mpc-nav__arrow mpcslick-next\"><div class=\"mpc-nav__icon mpc-transition\"><i class=\"\"><div class=\"mpc-nav__background mpc-transition mpc-effect-type--fade mpc-effect-side--in\"><\/div><\/i><\/div><\/div><\/div><\/div>[vc_empty_space height=&#8220;60px&#8220;][\/vc_column][\/vc_row][vc_row css_animation=&#8220;&#8220; row_type=&#8220;row&#8220; use_row_as_full_screen_section=&#8220;no&#8220; type=&#8220;grid&#8220; angled_section=&#8220;no&#8220; text_align=&#8220;left&#8220; background_image_as_pattern=&#8220;without_pattern&#8220; z_index=&#8220;&#8220;][vc_column width=&#8220;1\/2&#8243;][vc_single_image image=&#8220;4427&#8243; img_size=&#8220;full&#8220; alignment=&#8220;center&#8220; qode_css_animation=&#8220;&#8220;][vc_empty_space][\/vc_column][vc_column width=&#8220;1\/2&#8243;][vc_column_text]<\/p>\n<h2 style=\"text-align: left;\"><strong><span style=\"color: #fdb321;\">Tragen Sie sich in unsere Mailingliste ein<\/span><\/strong><\/h2>\n<p>[\/vc_column_text][vc_column_text]<\/p>\n<h5 style=\"text-align: left;\"><span style=\"color: #818181;\">Verpassen Sie nie wieder eine Chance, etwas zu bewegen. Melden Sie sich jetzt an.<\/span><\/h5>\n<p>[\/vc_column_text][vc_empty_space][vc_column_text]\n<div class=\"wpcf7 no-js\" id=\"wpcf7-f5722-o1\" lang=\"de-DE\" dir=\"ltr\" data-wpcf7-id=\"5722\">\n<div class=\"screen-reader-response\"><p role=\"status\" aria-live=\"polite\" aria-atomic=\"true\"><\/p> <ul><\/ul><\/div>\n<form action=\"\/de\/wp-json\/wp\/v2\/pages\/5578#wpcf7-f5722-o1\" method=\"post\" class=\"wpcf7-form init\" aria-label=\"Kontaktformular\" novalidate=\"novalidate\" data-status=\"init\">\n<fieldset class=\"hidden-fields-container\"><input type=\"hidden\" name=\"_wpcf7\" value=\"5722\" \/><input type=\"hidden\" name=\"_wpcf7_version\" value=\"6.1.3\" \/><input type=\"hidden\" name=\"_wpcf7_locale\" value=\"de_DE\" \/><input type=\"hidden\" name=\"_wpcf7_unit_tag\" value=\"wpcf7-f5722-o1\" \/><input type=\"hidden\" name=\"_wpcf7_container_post\" value=\"0\" \/><input type=\"hidden\" name=\"_wpcf7_posted_data_hash\" value=\"\" \/><input type=\"hidden\" name=\"_wpcf7_recaptcha_response\" value=\"\" \/>\n<\/fieldset>\n<div class=\"contact-form\">\n\t<p><label>Name*<br \/>\n<span class=\"wpcf7-form-control-wrap\" data-name=\"customer-name\"><input size=\"40\" maxlength=\"400\" class=\"wpcf7-form-control wpcf7-text wpcf7-validates-as-required\" aria-required=\"true\" aria-invalid=\"false\" placeholder=\"Name\" value=\"\" type=\"text\" name=\"customer-name\" \/><\/span> <\/label><br \/>\n<label>E-Mail*<br \/>\n<span class=\"wpcf7-form-control-wrap\" data-name=\"email\"><input size=\"40\" maxlength=\"400\" class=\"wpcf7-form-control wpcf7-email wpcf7-validates-as-required wpcf7-text wpcf7-validates-as-email\" aria-required=\"true\" aria-invalid=\"false\" placeholder=\"E-Mail Adresse\" value=\"\" type=\"email\" name=\"email\" \/><\/span> <\/label><br \/>\n<input class=\"wpcf7-form-control wpcf7-submit has-spinner contact-form-button\" type=\"submit\" value=\"JETZT ANMELDEN\" \/>\n\t<\/p>\n<\/div><div class=\"wpcf7-response-output\" aria-hidden=\"true\"><\/div>\n<\/form>\n<\/div>\n[\/vc_column_text][\/vc_column][\/vc_row][vc_row css_animation=&#8220;&#8220; row_type=&#8220;row&#8220; use_row_as_full_screen_section=&#8220;no&#8220; type=&#8220;full_width&#8220; angled_section=&#8220;no&#8220; text_align=&#8220;left&#8220; background_image_as_pattern=&#8220;without_pattern&#8220;][vc_column][vc_empty_space height=&#8220;64px&#8220;][\/vc_column][\/vc_row]<\/p>\n<\/div>","protected":false},"excerpt":{"rendered":"<p>[vc_row css_animation=&#8220;&#8220; row_type=&#8220;row&#8220; use_row_as_full_screen_section=&#8220;no&#8220; type=&#8220;grid&#8220; angled_section=&#8220;no&#8220; text_align=&#8220;left&#8220; background_image_as_pattern=&#8220;without_pattern&#8220; bg_type=&#8220;bg_color&#8220; bg_override=&#8220;full&#8220; z_index=&#8220;&#8220; background_image=&#8220;4262&#8243; css=&#8220;.vc_custom_1615856989565{background-image: url(https:\/\/gsa.swiss\/wp-content\/uploads\/2021\/02\/amir-kh-jfiiiaegn74-unsplash.jpg?id=4464) !important;}&#8220;][vc_column][vc_empty_space height=&#8220;120px&#8220;][vc_empty_space height=&#8220;120px&#8220;][\/vc_column][\/vc_row][vc_row css_animation=&#8220;&#8220; row_type=&#8220;row&#8220; use_row_as_full_screen_section=&#8220;no&#8220; type=&#8220;grid&#8220; angled_section=&#8220;no&#8220; text_align=&#8220;left&#8220; background_image_as_pattern=&#8220;without_pattern&#8220; bg_type=&#8220;bg_color&#8220; bg_override=&#8220;full&#8220; z_index=&#8220;&#8220;][vc_column][vc_empty_space][\/vc_column][\/vc_row][vc_row css_animation=&#8220;&#8220; row_type=&#8220;row&#8220; use_row_as_full_screen_section=&#8220;no&#8220; type=&#8220;grid&#8220; angled_section=&#8220;no&#8220; text_align=&#8220;left&#8220; background_image_as_pattern=&#8220;without_pattern&#8220; bg_type=&#8220;bg_color&#8220; bg_override=&#8220;full&#8220; z_index=&#8220;&#8220; anchor=&#8220;profile&#8220;][vc_column][vc_column_text] Der V\u00f6lkermord an den Armeniern [\/vc_column_text][vc_empty_space height=&#8220;18px&#8220;][vc_empty_space][vc_column_text]<\/p>\n","protected":false},"author":15,"featured_media":4466,"parent":5607,"menu_order":0,"comment_status":"closed","ping_status":"closed","template":"full_width.php","meta":{"give_campaign_id":0,"footnotes":""},"categories":[],"tags":[1908],"wf_page_folders":[1831],"class_list":["post-5578","page","type-page","status-publish","has-post-thumbnail","hentry","tag-schlusselprobleme"],"campaignId":"","_links":{"self":[{"href":"https:\/\/gsa.swiss\/de\/wp-json\/wp\/v2\/pages\/5578","targetHints":{"allow":["GET"]}}],"collection":[{"href":"https:\/\/gsa.swiss\/de\/wp-json\/wp\/v2\/pages"}],"about":[{"href":"https:\/\/gsa.swiss\/de\/wp-json\/wp\/v2\/types\/page"}],"author":[{"embeddable":true,"href":"https:\/\/gsa.swiss\/de\/wp-json\/wp\/v2\/users\/15"}],"replies":[{"embeddable":true,"href":"https:\/\/gsa.swiss\/de\/wp-json\/wp\/v2\/comments?post=5578"}],"version-history":[{"count":0,"href":"https:\/\/gsa.swiss\/de\/wp-json\/wp\/v2\/pages\/5578\/revisions"}],"up":[{"embeddable":true,"href":"https:\/\/gsa.swiss\/de\/wp-json\/wp\/v2\/pages\/5607"}],"wp:featuredmedia":[{"embeddable":true,"href":"https:\/\/gsa.swiss\/de\/wp-json\/wp\/v2\/media\/4466"}],"wp:attachment":[{"href":"https:\/\/gsa.swiss\/de\/wp-json\/wp\/v2\/media?parent=5578"}],"wp:term":[{"taxonomy":"category","embeddable":true,"href":"https:\/\/gsa.swiss\/de\/wp-json\/wp\/v2\/categories?post=5578"},{"taxonomy":"post_tag","embeddable":true,"href":"https:\/\/gsa.swiss\/de\/wp-json\/wp\/v2\/tags?post=5578"},{"taxonomy":"wf_page_folders","embeddable":true,"href":"https:\/\/gsa.swiss\/de\/wp-json\/wp\/v2\/wf_page_folders?post=5578"}],"curies":[{"name":"wp","href":"https:\/\/api.w.org\/{rel}","templated":true}]}}